{"id":956,"date":"2021-09-16T07:29:16","date_gmt":"2021-09-16T07:29:16","guid":{"rendered":"https:\/\/www.hotelcalpetit.es\/turisme\/"},"modified":"2025-07-11T16:06:40","modified_gmt":"2025-07-11T16:06:40","slug":"turismo","status":"publish","type":"page","link":"https:\/\/www.hotelcalpetit.es\/es\/turismo\/","title":{"rendered":"Turismo"},"content":{"rendered":"[vc_section][vc_row full_width=\u00bbstretch_row_content_no_spaces\u00bb css=\u00bb.vc_custom_1639741327431{background-image: url(http:\/\/www.hotelcalpetit.es\/wp-content\/uploads\/2021\/11\/turisme-header.jpg?id=477) !important;background-position: center !important;background-repeat: no-repeat !important;background-size: cover !important;}\u00bb][vc_column css=\u00bb.vc_custom_1636531037622{border-right-width: 20px !important;border-left-width: 20px !important;border-left-color: #ffffff !important;border-left-style: s\u00f2lid !important;border-right-color: #ffffff !important;border-right-style: s\u00f2lid !important;}\u00bb]<div class=\"vcex-spacing wpex-w-100 wpex-clear bordes hidden-phone\" style=\"height:600px\"><\/div><div class=\"vcex-spacing wpex-w-100 wpex-clear bordes visible-phone\" style=\"height:300px\"><\/div>[\/vc_column][\/vc_row][vc_row full_width=\u00bbstretch_row_content_no_spaces\u00bb css=\u00bb.vc_custom_1636531471698{padding-top: 20px !important;padding-bottom: 20px !important;background-color: #ce9f51 !important;}\u00bb el_class=\u00bbbordes\u00bb][vc_column][vc_column_text el_class=\u00bbcaslon\u00bb color=\u00bb#ffffff\u00bb font_size=\u00bb25&#8243; font_weight=\u00bb600&#8243; text_align=\u00bbcenter\u00bb]\n<h1>Turismo<\/h1>\n[\/vc_column_text][\/vc_column][\/vc_row][vc_row full_width=\u00bbstretch_row\u00bb css=\u00bb.vc_custom_1640003414379{margin-top: 60px !important;padding-top: 40px !important;padding-bottom: 40px !important;background-color: #e8e8e8 !important;}\u00bb][vc_column width=\u00bb1\/12&#8243;][\/vc_column][vc_column width=\u00bb5\/12&#8243;][vc_column_text text_align=\u00bbcenter\u00bb color=\u00bb#000000&#8243; font_size=\u00bb16&#8243; font_weight=\u00bb600&#8243;]<span id=\"turisme-entorn\" style=\"text-decoration: underline; cursor: pointer;\">ENTORNO<\/span>[\/vc_column_text][\/vc_column][vc_column width=\u00bb5\/12&#8243;][vc_column_text text_align=\u00bbcenter\u00bb color=\u00bb#000000&#8243; font_size=\u00bb16&#8243; font_weight=\u00bb600&#8243;]<span id=\"turisme-activitats\" style=\"text-decoration: none; cursor: pointer;\">ACTIVIDADES<\/span>[\/vc_column_text][\/vc_column][vc_column width=\u00bb1\/12&#8243;][\/vc_column][\/vc_row][vc_row full_width=\u00bbstretch_row_content\u00bb css=\u00bb.vc_custom_1640003419980{padding-top: 40px !important;padding-bottom: 40px !important;}\u00bb el_id=\u00bbentorn\u00bb][vc_column width=\u00bb1\/12&#8243;][\/vc_column][vc_column width=\u00bb10\/12&#8243;][vc_tta_tour style=\u00bbflat\u00bb shape=\u00bbsquare\u00bb spacing=\u00bb\u00bb active_section=\u00bb1&#8243; no_fill_content_area=\u00bbtrue\u00bb][vc_tta_section title=\u00bbOliana y su n\u00facleo antiguo\u00bb tab_id=\u00bboliana\u00bb][vc_row_inner css=\u00bb.vc_custom_1640267082419{background-image: url(http:\/\/www.hotelcalpetit.es\/wp-content\/uploads\/2021\/12\/Oliana_femturisme-1.jpg?id=690) !important;background-position: center !important;background-repeat: no-repeat !important;background-size: cover !important;}\u00bb][vc_column_inner]<div class=\"vcex-spacing wpex-w-100 wpex-clear\" style=\"height:300px\"><\/div>[\/vc_column_inner][\/vc_row_inner]<div class=\"vcex-spacing wpex-w-100 wpex-clear\" style=\"height:20px\"><\/div>[vc_column_text el_class=\u00bbcaslon\u00bb font_size=\u00bb20&#8243; color=\u00bb#ce9f51&#8243;]Oliana y su n\u00facleo antiguo[\/vc_column_text]<div class=\"vcex-spacing wpex-w-100 wpex-clear\" style=\"height:20px\"><\/div>[vc_column_text font_size=\u00bb16&#8243; color=\u00bb#000000&#8243;]<span style=\"color: #444444;\">Rodeado de naturaleza, Oliana es un peque\u00f1o municipio lleno de encanto. Todav\u00eda hoy conserva su trazado medieval con calles estrechas y diferentes puntos de inter\u00e9s patrimonial como las ruinas del Castillo de Oliana, la iglesia de Sant Andreu del Castell o el Convento de los escolapios. Este \u00faltimo es de estilo barroco y conserva una imagen g\u00f3tica de la Virgen de los \u00c1ngeles, patrona de Oliana.<\/span><\/p>\n<p><span style=\"color: #444444;\">Aunque uno de los elementos m\u00e1s curiosos es su pozo de hielo, lugar donde se almacenaba el hielo que despu\u00e9s se vender\u00eda. Conservado pr\u00e1cticamente intacto, actualmente se puede visitar a trav\u00e9s de una visita guiada y, adem\u00e1s, se encuentra una interesante exposici\u00f3n que recuerda la importancia que esta actividad econ\u00f3mica tuvo para el municipio.<\/span><\/p>\n<p><span style=\"color: #444444;\">Es imprescindible visitar la plaza dels Lledoners, que ofrece una panor\u00e1mica preciosa de la zona y donde se vislumbran diferentes caminos que llevan a parajes de incalculable belleza, como el collado del Barrer, del Lloer o de Les Guixeres.<\/span><\/p>\n<p><span style=\"color: #444444;\">Descubre todo lo que puedes hacer en Oliana, <\/span><a href=\"http:\/\/www.hotelcalpetit.es\/wp-content\/uploads\/2025\/07\/Oliana-El-nostre-entorn-Castella.pdf\"><span style=\"color: #1155cc;\"><u>aqu\u00ed<\/u><\/span>.<\/a>[\/vc_column_text][\/vc_tta_section][vc_tta_section title=\u00bbColl de Narg\u00f3\u00bb tab_id=\u00bbColl-de-nargo\u00bb][vc_row_inner css=\u00bb.vc_custom_1640267108317{background-image: url(http:\/\/www.hotelcalpetit.es\/wp-content\/uploads\/2021\/12\/Coll-de-Nargo_Sant-Marc-de-Batlliu.jpg?id=698) !important;background-position: center !important;background-repeat: no-repeat !important;background-size: cover !important;}\u00bb][vc_column_inner]<div class=\"vcex-spacing wpex-w-100 wpex-clear\" style=\"height:300px\"><\/div>[\/vc_column_inner][\/vc_row_inner]<div class=\"vcex-spacing wpex-w-100 wpex-clear\" style=\"height:20px\"><\/div>[vc_column_text el_class=\u00bbcaslon\u00bb font_size=\u00bb20&#8243; color=\u00bb#ce9f51&#8243;]Coll de Narg\u00f3[\/vc_column_text]<div class=\"vcex-spacing wpex-w-100 wpex-clear\" style=\"height:20px\"><\/div>[vc_column_text font_size=\u00bb16&#8243; color=\u00bb#000000&#8243;]A 14 km de Oliana se encuentra Coll de Narg\u00f3, un municipio formado por 5 n\u00facleos que nos ofrece interesantes puntos de referencia, siendo el primero en destacar las cuevas de Ormini. Situadas entre la sierra de Sant Joan y Finestres son visitables y cuentan con grandes galer\u00edas con estalagmitas y estalactitas de formas muy curiosas.<\/p>\n<p>Tambi\u00e9n encontramos diferentes d\u00f3lmenes, como el de Roget, entre la casa de Fenollet y Montanissell. O los restos de un pasado mucho m\u00e1s remoto, los dinosaurios. La<\/p>\n<p><a href=\"http:\/\/dinosfera.com\/\"><span style=\"color: #1155cc;\"><u>Dinosfera de Coll de Narg\u00f3<\/u><\/span><\/a> cuenta con una exposici\u00f3n que, a trav\u00e9s de audiovisuales, juegos, f\u00f3siles reales, r\u00e9plicas y reconstrucciones da a conocer y da valor a estos animales que hace m\u00e1s de 66 a\u00f1os viv\u00edan en los Pirineos. Y es que, en la zona encontramos uno de los yacimientos m\u00e1s importantes del mundo en cuanto a huevos y nidos de dinosaurio.<\/p>\n<p>Tambi\u00e9n es interesante el camino que une Coll de Narg\u00f3 con Gavarra, que se puede hacer a pie o en bicicleta y permite disfrutar de un paisaje espectacular, encontrando en el \u00faltimo tramo las casas de piedra de Gavarra. Por otro lado, los escaladores tambi\u00e9n tienen un punto de referencia, los Gigantes de Coll Piquer y aquellos que les gusta la monta\u00f1a, no se pueden perder la ruta que va de Coll de Narg\u00f3 a Roc Roi.<\/p>\n<p>A lo largo del a\u00f1o se celebran dos hitos imprescindibles. En agosto, entre los chopos de F\u00edgols y el puente de Espia, la bajada de los almadieros. Un viejo oficio al que se le ha dedicado un interesante <a href=\"https:\/\/www.catalunya.com\/museu-dels-raiers-17-16001-124?language=ca\"><span style=\"color: #1155cc;\"><u>museo<\/u><\/span><\/a>. Y, por otra parte, coincidiendo con el 12 de octubre, la Feria del Rovell\u00f3, donde se puede descubrir todo tipo de productos artesanos, aparte de las setas.[\/vc_column_text][\/vc_tta_section][vc_tta_section title=\u00bbOrgany\u00e0\u00bb tab_id=\u00bborganya\u00bb][vc_row_inner css=\u00bb.vc_custom_1640267119430{background-image: url(http:\/\/www.hotelcalpetit.es\/wp-content\/uploads\/2021\/12\/Organya.jpg?id=694) !important;background-position: center !important;background-repeat: no-repeat !important;background-size: cover !important;}\u00bb][vc_column_inner]<div class=\"vcex-spacing wpex-w-100 wpex-clear\" style=\"height:300px\"><\/div>[\/vc_column_inner][\/vc_row_inner]<div class=\"vcex-spacing wpex-w-100 wpex-clear\" style=\"height:20px\"><\/div>[vc_column_text el_class=\u00bbcaslon\u00bb font_size=\u00bb20&#8243; color=\u00bb#ce9f51&#8243;]Organy\u00e0[\/vc_column_text]<div class=\"vcex-spacing wpex-w-100 wpex-clear\" style=\"height:20px\"><\/div>[vc_column_text font_size=\u00bb16&#8243; color=\u00bb#000000&#8243;]A medio camino entre la Seu d&#8217;Urgell y Ponts se encuentra Organy\u00e0, reconocido a nivel hist\u00f3rico y literario por ser el municipio donde se encontr\u00f3 uno de los textos conocidos m\u00e1s antiguos escritos en catal\u00e1n: Les Homilies. Justo entre la documentaci\u00f3n de la rector\u00eda de la iglesia de Santa Maria d\u2019Organy\u00e0, una iglesia rom\u00e1nica con origen en el siglo X. Entre los elementos m\u00e1s destacados se encuentra la fachada principal, con una puerta de acceso decorada con arquivoltas, el ojo de buey, la galer\u00eda de arcadas superior y el campanario de planta rectangular. Una peque\u00f1a exposici\u00f3n da a conocer la importancia del documento.<\/p>\n<p>Otros puntos de referencia son, el monumento de Les Homilies de Organy\u00e0, el casco antiguo, los puentes medievales llamados Pontarrons y la fuente de la Bordonera. Pero tambi\u00e9n hay que destacar la gran variedad de servicios tur\u00edsticos que permiten realizar diferentes excursiones, actividades y deportes de aventura.<\/p>\n<p>Los amantes de la escalada y el senderismo, encuentran cerca el desfiladero de Tres Ponts. Por otra parte, tambi\u00e9n debe citarse el pe\u00f1\u00f3n de Santa Fe y la ermita hom\u00f3nima, que forma parte del Inventario del Patrimonio Arquitect\u00f3nico de Catalu\u00f1a. Los aficionados al parapente tambi\u00e9n tienen en la monta\u00f1a del Cogull\u00f3, uno de sus mejores aliados. Y los aficionados a la Prehistoria, pueden seguir la Ruta de los d\u00f3lmenes del valle de Cab\u00f3, siendo los m\u00e1s interesantes los d\u00f3lmenes de la Colomera, el de Pedracabana o el de la Oliva.<\/p>\n<p>Descubre todos estos sitios que te explicamos, <a href=\"https:\/\/www.organya.cat\/el-municipi\/turisme\/turisme\"><span style=\"color: #1155cc;\"><u>aqu\u00ed<\/u><\/span><\/a>.[\/vc_column_text][\/vc_tta_section][vc_tta_section title=\u00bbPeramola\u00bb tab_id=\u00bbperamola\u00bb][vc_row_inner css=\u00bb.vc_custom_1640267130837{background-image: url(http:\/\/www.hotelcalpetit.es\/wp-content\/uploads\/2021\/12\/Peramola_Castellebre.jpg?id=702) !important;background-position: center !important;background-repeat: no-repeat !important;background-size: cover !important;}\u00bb][vc_column_inner]<div class=\"vcex-spacing wpex-w-100 wpex-clear\" style=\"height:300px\"><\/div>[\/vc_column_inner][\/vc_row_inner]<div class=\"vcex-spacing wpex-w-100 wpex-clear\" style=\"height:20px\"><\/div>[vc_column_text el_class=\u00bbcaslon\u00bb font_size=\u00bb20&#8243; color=\u00bb#ce9f51&#8243;]Peramola[\/vc_column_text]<div class=\"vcex-spacing wpex-w-100 wpex-clear\" style=\"height:20px\"><\/div>[vc_column_text font_size=\u00bb16&#8243; color=\u00bb#000000&#8243;]El peque\u00f1o n\u00facleo de Peramola se encuentra en el amplio valle del Segre, a los pies de las primeras monta\u00f1as del Prepirineo (la sierra de Sant Honorat y la sierra de Auben\u00e7). Actualmente todav\u00eda conserva restos de la \u00e9poca medieval, como la muralla, la iglesia rom\u00e1nica de Sant Miquel, las arcadas de las estrechas casas, ventanas de piedra y la estructura que define muchas de las viviendas.<\/p>\n<p>Muy cerca del municipio tambi\u00e9n se encuentran los restos de la antigua Torre de los Moros (posiblemente una construcci\u00f3n subsidiaria en el castillo de la villa) y las ruinas de la ermita de Sant Honorat que conserva el portal con dintel adovelado y la fecha de 1729. Un paseo por el Cam\u00ed de les Fonts es otro de los atractivos que ofrece el municipio, siendo de imprescindible visita el salto de agua del Clot de la Font Viva.<\/p>\n<p>Por otra parte, no nos olvidemos de mencionar la Roca dels Moros, un valioso testigo que guarda un interesante conjunto de pinturas rupestres, declaradas Patrimonio Mundial por la Unesco.<\/p>\n<p>Descubre m\u00e1s propuestas culturales e hist\u00f3ricas de Peramola, <a href=\"http:\/\/turismeperamola.cat\/propostes-cuturals-i-historiques\"><span style=\"color: #1155cc;\"><u>aqu\u00ed<\/u><\/span><\/a>.[\/vc_column_text][\/vc_tta_section][vc_tta_section title=\u00bbBaronia de Rialb\u00bb tab_id=\u00bbBaronia-de-Rialb\u00bb][vc_row_inner css=\u00bb.vc_custom_1640267143920{background-image: url(http:\/\/www.hotelcalpetit.es\/wp-content\/uploads\/2021\/12\/Baronia-de-Rialb.jpg?id=706) !important;background-position: center !important;background-repeat: no-repeat !important;background-size: cover !important;}\u00bb][vc_column_inner]<div class=\"vcex-spacing wpex-w-100 wpex-clear\" style=\"height:300px\"><\/div>[\/vc_column_inner][\/vc_row_inner]<div class=\"vcex-spacing wpex-w-100 wpex-clear\" style=\"height:20px\"><\/div>[vc_column_text el_class=\u00bbcaslon\u00bb font_size=\u00bb20&#8243; color=\u00bb#ce9f51&#8243;]Baronia de Rialb[\/vc_column_text]<div class=\"vcex-spacing wpex-w-100 wpex-clear\" style=\"height:20px\"><\/div>[vc_column_text font_size=\u00bb16&#8243; color=\u00bb#000000&#8243;]Situado en el noreste de la comarca del Noguera, la Baron\u00eda de Rialb es un extenso municipio vertebrado alrededor del r\u00edo Rialb. Actualmente el t\u00e9rmino est\u00e1 formado por once poblaciones distribuidas por todo el valle: Gualter, la Sierra, la Torre, Politg, Pallerols, Vilaplana, Bellfort, Palau, el Puig, Sant Crist\u00f3bal de la Donzell y Sant Mart\u00ed. Fortificaciones, mas\u00edas, iglesias, capillas&#8230; dan testimonio de la importancia de la baron\u00eda a lo largo del tiempo.<\/p>\n<p>Entre la Torre de Rialb y Politg encontramos el \u00c1rea del Dolmen, formada por el dolmen de S\u00f2ls de Riu, la iglesia de Santa Eulalia de Pomanyons y las cisternas de agua del conjunto defensivo de la antigua torre de defensa de Pomanyons. Tambi\u00e9n se encuentra el dolmen de los Tres Pilars, del que se conservan algunos materiales de la \u00e9poca prehist\u00f3rica en el Museo Diocesano y Comarcal de Solsona.<\/p>\n<p>El Monasterio de Santa Maria de Gualter es otro punto de referencia y de recomendable visita. La primitiva iglesia fue construida en el siglo XII. El conjunto arquitect\u00f3nico est\u00e1 formado por una iglesia mon\u00e1stica de planta basilical en la que se aprecia la grandeza y la belleza de la estructura rom\u00e1nica y un recinto claustral. Del claustro original rom\u00e1nico hoy s\u00f3lo se mantiene la galer\u00eda sur, con cubierta de madera y unos arcos de medio punto, sostenidos por unas cortas columnas rematadas por unos capiteles esculpidos con temas vegetales.<\/p>\n<p>Otro importante testimonio de la riqueza patrimonial del municipio es la iglesia parroquial de Sant Esteve. Un edificio que, aunque su apariencia actual responde a la renovaci\u00f3n que tuvo lugar en 1793, todav\u00eda conserva elementos de la antigua iglesia rom\u00e1nica.<\/p>\n<p>Echa un vistazo a la <a href=\"http:\/\/www.baroniarialb.cat\/\"><span style=\"color: #1155cc;\"><u>web de la Baronia de Rialb<\/u><\/span><\/a> y d\u00e9jate maravillar por los secretos y riqueza patrimonial que esconde el municipio.[\/vc_column_text][\/vc_tta_section][vc_tta_section title=\u00bbVia rom\u00e0nica en el Alt Urgell\u00bb tab_id=\u00bbVia-romanica-a-Alt-Urgell\u00bb][vc_row_inner css=\u00bb.vc_custom_1640267156909{background-image: url(http:\/\/www.hotelcalpetit.es\/wp-content\/uploads\/2021\/12\/via-romanica-Urgell_catedral-sta-maria.jpg?id=710) !important;background-position: center !important;background-repeat: no-repeat !important;background-size: cover !important;}\u00bb][vc_column_inner]<div class=\"vcex-spacing wpex-w-100 wpex-clear\" style=\"height:300px\"><\/div>[\/vc_column_inner][\/vc_row_inner]<div class=\"vcex-spacing wpex-w-100 wpex-clear\" style=\"height:20px\"><\/div>[vc_column_text el_class=\u00bbcaslon\u00bb font_size=\u00bb20&#8243; color=\u00bb#ce9f51&#8243;]Via rom\u00e0nica en el Alt Urgell[\/vc_column_text]<div class=\"vcex-spacing wpex-w-100 wpex-clear\" style=\"height:20px\"><\/div>[vc_column_text font_size=\u00bb16&#8243; color=\u00bb#000000&#8243;]El Alt Urgell cuenta con m\u00e1s de un centenar de monumentos rom\u00e1nicos entre iglesias, castillos y puentes, constituyendo, buena parte de ellos, la llamada V\u00eda Rom\u00e1nica. Una ruta que une Perpi\u00f1\u00e1n con Bassella, pasando por Conflent y Cerdanya. A su paso por el Alt Urgell se divide en ocho itinerarios, con edificios insignia del rom\u00e1nico catal\u00e1n como Santa Maria de Organy\u00e0, el claustro de Santa Mar\u00eda de la Seu d&#8217;Urgell o Sant Mart\u00ed de Bescaran.<\/p>\n<p>Cerca de Oliana, Peramola y Bassella, la zona sur del Alt Urgell nos ofrece los testimonios de Sant Miquel de Peramola, Santa Maria de Castell-Llebre, Santa Ll\u00facia de Trag\u00f3, Sant Andreu de Castell y Sant Serni de la Sala. Y tambi\u00e9n muy cerca, en la zona del Coll de Narg\u00f3, encontramos Sant Climent de Coll de Narg\u00f3, Sant Miquel de les Masies, Sant Mart\u00ed de la Plana, Sant Maxim\u00ed de Sallent, Sant Serni de Gavarra y Sant Rom\u00e0 de Valldarques.<\/p>\n<p>\u00a1Haz click <a href=\"http:\/\/www.alturgell.cat\/sites\/default\/files\/turisme_rutes_romanic_cat.pdf\"><span style=\"color: #1155cc;\"><u>aqu\u00ed<\/u><\/span><\/a> y mira la infinidad de testimonios del rom\u00e1nico que puedes encontrar en el Alt Urgell![\/vc_column_text][\/vc_tta_section][vc_tta_section title=\u00bbRuta de los quesos del Alt Urgell\u00bb tab_id=\u00bbRuta-dels-formatges-de-Alt-Urgell\u00bb][vc_row_inner css=\u00bb.vc_custom_1640267167651{background-image: url(http:\/\/www.hotelcalpetit.es\/wp-content\/uploads\/2021\/12\/ruta-formatges_firasantarmengol.jpg?id=714) !important;background-position: center !important;background-repeat: no-repeat !important;background-size: cover !important;}\u00bb][vc_column_inner]<div class=\"vcex-spacing wpex-w-100 wpex-clear\" style=\"height:300px\"><\/div>[\/vc_column_inner][\/vc_row_inner]<div class=\"vcex-spacing wpex-w-100 wpex-clear\" style=\"height:20px\"><\/div>[vc_column_text el_class=\u00bbcaslon\u00bb font_size=\u00bb20&#8243; color=\u00bb#ce9f51&#8243;]Ruta de los quesos del Alt Urgell[\/vc_column_text]<div class=\"vcex-spacing wpex-w-100 wpex-clear\" style=\"height:20px\"><\/div>[vc_column_text font_size=\u00bb16&#8243; color=\u00bb#000000&#8243;]Las comarcas del Alt Urgell y la Cerdanya, son conocidas por su industria lechera, ofrecen una importante y destacada variedad de productos elaborados artesanalmente. Siendo los m\u00e1s destacados los quesos de la DOP Alt Urgell y Cerdanya. Un queso de pasta prensada, graso, curado, elaborado a partir de leche de vaca frisona entera y pasteurizada. Cubiertos por corteza natural ligeramente h\u00fameda de color marr\u00f3n claro, pasta color crema o marfil, ojos abundantes peque\u00f1os e irregulares, textura tierna y sabor suave.<\/p>\n<p>El queso Urgelia, la Casa de la Penella en Peramola, el reques\u00f3n de Castell-Llebre, el Serrat Gros de Cal Codina, el Pebrat o el Tup\u00ed d&#8217;Ossera, el queso curado de cabra del Mas d&#8217;Eroles, el serrat de oveja en el Molino de Pons de Prullans o Lo Coscollet y el Brossat de la Formatgeria L\u2019Oliva de Oliana&#8230; son algunos de los quesos que podr\u00e1s degustar en la comarca. Si te gusta el queso, sin duda ven y descubre <a href=\"http:\/\/www.alturgell.cat\/sites\/default\/files\/turisme-gastrononima-artesans-agroalimentaris-cat.pdf\"><span style=\"color: #1155cc;\"><u>la amplia variedad de productos<\/u><\/span><\/a>.[\/vc_column_text][\/vc_tta_section][vc_tta_section title=\u00bbRuta de los d\u00f3lmenes de la Vall de Cab\u00f3\u00bb tab_id=\u00bbRuta-dels-dolmens-de-la-Vall-de-Cabo\u00bb][vc_row_inner css=\u00bb.vc_custom_1640267182099{background-image: url(http:\/\/www.hotelcalpetit.es\/wp-content\/uploads\/2021\/12\/ruta-dels-dolmens_wikiloc.jpg?id=718) !important;background-position: center !important;background-repeat: no-repeat !important;background-size: cover !important;}\u00bb][vc_column_inner]<div class=\"vcex-spacing wpex-w-100 wpex-clear\" style=\"height:300px\"><\/div>[\/vc_column_inner][\/vc_row_inner]<div class=\"vcex-spacing wpex-w-100 wpex-clear\" style=\"height:20px\"><\/div>[vc_column_text el_class=\u00bbcaslon\u00bb font_size=\u00bb20&#8243; color=\u00bb#ce9f51&#8243;]Ruta de los d\u00f3lmenes de la Vall de Cab\u00f3[\/vc_column_text]<div class=\"vcex-spacing wpex-w-100 wpex-clear\" style=\"height:20px\"><\/div>[vc_column_text font_size=\u00bb16&#8243; color=\u00bb#000000&#8243;]Un itinerario de 32 km que entremezcla arte, cultura y naturaleza y que toma como punto de partida Organy\u00e0, para descubrir a pie o en bici un total de 8 d\u00f3lmenes. El primero se encuentra justo a los 2,8 km y es el del Serrat de les Cobertrades, punto que ofrece unas fant\u00e1sticas vistas a Organy\u00e0. A continuaci\u00f3n, se contin\u00faa por la pista y a los 3&#8217;7km dejando dos caminos a la derecha, se llega al dolmen de Colomera.<\/p>\n<p>La ruta contin\u00faa por la pista, para encontrar el dolmen del Serrat de Malp\u00e0s, justo a los 4,2km. Pasado \u00e9ste, a los 4,7 km se asciende por la subida de l&#8217;Oliva hasta llegar a la colina de Pomajor y sigue por la misma pista, atravesando el Reguer o Boixadera y las Ma\u00e7anes hasta llegar cerca de Cab\u00f3. Al llegar a Cal Simon, a los 8,8 km, hay que girar a la derecha y tomar la pista que viene de Seny\u00fas, pasar por el Bullic, por la iglesia nueva y llegar al cruce sur del pueblo de Cab\u00f3, en el km 9,3 encontramos otro dolmen.<\/p>\n<p>Continuando por el camino que gira a la izquierda, la pista te conduce a la ermita rom\u00e1nica de Sant Serni. Despu\u00e9s hay que bajar por la misma pista hasta la carretera, girar a la izquierda y pasar el puente del r\u00edo Cab\u00f3. Se sigue por la pista forestal que lleva hacia el Cap de la Vall, se pasa junto a Can Pui y se deja atr\u00e1s el molino de la Carrabina. Pasado este cruce, a 30 m, se encuentra la piedra superior de otro dolmen que fue desmontado.<\/p>\n<p>Algo m\u00e1s adelante, a los 14,3 km se encuentra el dolmen del Mol\u00ed de Fav\u00e0. Y despu\u00e9s de una breve parada, la ruta sigue hacia la fuente de la Caixa, estrictamente el nacimiento del r\u00edo de Cab\u00f3.<\/p>\n<p>En este punto se deshace el camino y se desciende hasta Fav\u00e0, buscando la carretera de Organy\u00e0. Sobre los 21,8 km se encuentra el dolmen de Can Boixadera y un poco m\u00e1s adelante el dolmen del Clot de les Canyes. Llegados a los 24&#8217;2 km aparece el dolmen de Pedracabana y el dolmen de la Oliva. El itinerario cierra recorrido en Organy\u00e0. Descubre m\u00e1s detalles, <a href=\"https:\/\/www.catalunya.com\/ruta-dels-10-dolmens-a-la-vall-de-cabo-24-1-16?language=ca\"><span style=\"color: #1155cc;\"><u>aqu\u00ed<\/u><\/span><\/a>.[\/vc_column_text][\/vc_tta_section][vc_tta_section title=\u00bbLa Ribera Salada\u00bb tab_id=\u00bbRibera-Salada\u00bb][vc_row_inner css=\u00bb.vc_custom_1640267195909{background-image: url(http:\/\/www.hotelcalpetit.es\/wp-content\/uploads\/2021\/12\/ribera-salada.jpg?id=722) !important;background-position: center !important;background-repeat: no-repeat !important;background-size: cover !important;}\u00bb][vc_column_inner]<div class=\"vcex-spacing wpex-w-100 wpex-clear\" style=\"height:300px\"><\/div>[\/vc_column_inner][\/vc_row_inner]<div class=\"vcex-spacing wpex-w-100 wpex-clear\" style=\"height:20px\"><\/div>[vc_column_text el_class=\u00bbcaslon\u00bb font_size=\u00bb20&#8243; color=\u00bb#ce9f51&#8243;]La Ribera Salada[\/vc_column_text]<div class=\"vcex-spacing wpex-w-100 wpex-clear\" style=\"height:20px\"><\/div>[vc_column_text font_size=\u00bb16&#8243; color=\u00bb#000000&#8243;]Entre el Solson\u00e8s y el Alt Urgell se encuentra la Ribera Salada, un curso fluvial de gran inter\u00e9s, ya que conserva valiosos ecosistemas con una importante representaci\u00f3n de bosques de ribera. Hecho que le hace merecer la categor\u00eda de Espacio Natural Protegido (Red Natura 2000: Zonas Especiales de Conservaci\u00f3n). A lo largo de su cauce, se encuentran puntos tan representativos como el Pont del Clop, un tramo que, por la calidad del agua y la poca profundidad es ideal para el ba\u00f1o. Junto a \u00e9ste, r\u00edo arriba, se encuentra el canal serpent, un tramo donde el paso del agua ha modelado el paso del r\u00edo con formas muy curiosas.<\/p>\n<p>Al Mirador de Serra Seca, cerca de Cambrils, se llega por la carretera LV-4011. Desde aqu\u00ed se puede vislumbrar una panor\u00e1mica excepcional de la Ribera Salada, junto con el macizo del Port del Comte y la Serra dels Obacs. Tambi\u00e9n toca Cambrils, uno de los n\u00facleos de poblaci\u00f3n de Od\u00e8n, conocido por sus salinas, que dan testimonio de una importante actividad econ\u00f3mica de monta\u00f1a que cuenta con muchos a\u00f1os de historia. En el municipio tambi\u00e9n se encuentran las ruinas de su antiguo castillo y la iglesia de Santa Cec\u00edlia.<\/p>\n<p>La Font de Cal Sala, en el n\u00facleo de Rac\u00f3, el salto de agua de Cal Sala, la ermita de Sant Quint\u00ed y el codr\u00f3n del Elefante, son otros puntos de referencia junto a la Ribera Salada. Sin olvidar un punto muy importante, el de Aig\u00fcesjuntes, donde el r\u00edo Fred y la riera de Canalda se juntan para formar la Ribera Salada.[\/vc_column_text][\/vc_tta_section][\/vc_tta_tour][\/vc_column][vc_column width=\u00bb1\/12&#8243;][\/vc_column][\/vc_row][vc_row full_width=\u00bbstretch_row_content\u00bb css=\u00bb.vc_custom_1640003425997{padding-top: 40px !important;padding-bottom: 40px !important;}\u00bb el_id=\u00bbactivitats\u00bb][vc_column width=\u00bb1\/12&#8243;][\/vc_column][vc_column width=\u00bb10\/12&#8243;][vc_tta_tour style=\u00bbflat\u00bb shape=\u00bbsquare\u00bb spacing=\u00bb\u00bb active_section=\u00bb1&#8243; no_fill_content_area=\u00bbtrue\u00bb][vc_tta_section title=\u00bbMoturisme\u00bb tab_id=\u00bbMoturisme\u00bb][vc_row_inner css=\u00bb.vc_custom_1640266752143{background-image: url(http:\/\/www.hotelcalpetit.es\/wp-content\/uploads\/2021\/12\/mototurisme.jpg?id=644) !important;background-position: center !important;background-repeat: no-repeat !important;background-size: cover !important;}\u00bb][vc_column_inner]<div class=\"vcex-spacing wpex-w-100 wpex-clear\" style=\"height:300px\"><\/div>[\/vc_column_inner][\/vc_row_inner]<div class=\"vcex-spacing wpex-w-100 wpex-clear\" style=\"height:20px\"><\/div>[vc_column_text el_class=\u00bbcaslon\u00bb font_size=\u00bb20&#8243; color=\u00bb#ce9f51&#8243;]Moturisme[\/vc_column_text]<div class=\"vcex-spacing wpex-w-100 wpex-clear\" style=\"height:20px\"><\/div>[vc_column_text font_size=\u00bb16&#8243; color=\u00bb#000000&#8243;]Impulsado por el Patronato de Turismo de la Diputaci\u00f3n de Lleida, el proyecto <a href=\"http:\/\/moturisme.aralleida.com\/\"><span style=\"color: #1155cc;\"><u>Moturisme Ara Lleida<\/u><\/span><\/a> propone un total de 10 rutas que transcurren por la demarcaci\u00f3n. \u00c9stas, de gran atractivo tur\u00edstico y paisaj\u00edstico, combinan tramos de carreteras secundarias poco transitadas y otras que siguen las carreteras principales. Todas las rutas, supervisadas por un equipo experto, cuentan con un asfalto en buenas condiciones y re\u00fanen itinerarios entre los 200 y 300 km. La mayor\u00eda se pueden realizar durante todo el a\u00f1o, excepto las que transcurren por tramos de carreteras de monta\u00f1a a gran altura, ya que en invierno es posible encontrar nieve o hielo.<\/p>\n<p>A continuaci\u00f3n te damos a conocer tres:<\/p>\n<p><u>Transpirenaica Leridana<\/u>: ruta de 170 km que recorre la provincia de Lleida de este a oeste, en su tramo m\u00e1s transpirenaico. Combina algunas de las mejores carreteras para el moturismo internacional y el Rom\u00e1nico del Valle de Bo\u00ed, catalogado como Patrimonio Mundial por la UNESCO.<\/p>\n<p><u>Ruta de las sierras<\/u>: itinerario semicircular de unos 230 km exigentes, que permite descubrir la esencia de L\u00e9rida y del Pirineo a trav\u00e9s de tres de sus comarcas. Pasando por carreteras estrechas y muchas curvas que transcurren tocando bellos paisajes del Pirineo y del Prepirineo.<\/p>\n<p><u>Ruta de los lagos<\/u>: con una extensi\u00f3n de 265 km entre fronteras de Catalu\u00f1a y Arag\u00f3n, la ruta traspasa uno de los t\u00faneles m\u00e1s largos de los Pirineos y sigue el curso del Noguera hasta llegar a algunos de sus embalses, pasando por cinco comarcas. El entorno que rodea la ruta es excelente, as\u00ed como el asfalto que pisa el itinerario.<\/p>\n<p>Cal Petit es un establecimiento adherido a este proyecto y cuenta con el sello distintivo que s\u00f3lo tienen aquellos establecimientos que han superado un curso espec\u00edfico y re\u00fanen las caracter\u00edsticas necesarias para acoger a este grupo de clientes. Esto implica la disposici\u00f3n de una zona de aparcamiento cubierta y cerrada, taller y herramientas de reparaci\u00f3n, servicio de lavander\u00eda, espacios para guardar el casco, etc. As\u00ed como un esmerado servicio de informaci\u00f3n sobre las rutas, la meteorolog\u00eda, los principales atractivos tur\u00edsticos de la zona, etc.<\/p>\n<p>Busca tu ruta, <a href=\"http:\/\/moturisme.aralleida.com\/ca\/cercador-de-rutes.html\"><span style=\"color: #1155cc;\"><u>aqu\u00ed<\/u><\/span><\/a>.[\/vc_column_text][\/vc_tta_section][vc_tta_section title=\u00bbMuseo de la moto\u00bb tab_id=\u00bbMuseu-de-la-moto\u00bb][vc_row_inner css=\u00bb.vc_custom_1640266783655{background-image: url(http:\/\/www.hotelcalpetit.es\/wp-content\/uploads\/2021\/12\/museu-moto.jpg?id=648) !important;background-position: center !important;background-repeat: no-repeat !important;background-size: cover !important;}\u00bb][vc_column_inner]<div class=\"vcex-spacing wpex-w-100 wpex-clear\" style=\"height:300px\"><\/div>[\/vc_column_inner][\/vc_row_inner]<div class=\"vcex-spacing wpex-w-100 wpex-clear\" style=\"height:20px\"><\/div>[vc_column_text el_class=\u00bbcaslon\u00bb font_size=\u00bb20&#8243; color=\u00bb#ce9f51&#8243;]Museo de la moto[\/vc_column_text]<div class=\"vcex-spacing wpex-w-100 wpex-clear\" style=\"height:20px\"><\/div>[vc_column_text font_size=\u00bb16&#8243; color=\u00bb#000000&#8243;]Situado en Bassella, entre las localidades de Ponts y Oliana, el Museo de la Moto ha sido reconocido entre los mejores de Europa y se convierte en todo un referente y parada obligatoria en la ruta hacia Andorra. La exposici\u00f3n muestra un interesante recorrido desde los modelos m\u00e1s rudimentarios a los de nuestros d\u00edas, a trav\u00e9s de una selecci\u00f3n de las principales marcas nacionales e internacionales. En el museo tambi\u00e9n se encuentra el taller original donde Mario Soler reconstruy\u00f3 la mayor\u00eda de motocicletas que configuran la actual colecci\u00f3n. Aunque en realidad se encontraba en otra ubicaci\u00f3n y fue trasladado pieza a pieza sin olvidar detalle alguno.<\/p>\n<p>En 2002 fue inaugurado, convirti\u00e9ndose en el primer museo de toda Catalu\u00f1a y Espa\u00f1a dedicado \u00edntegramente a la historia y la cultura de la moto. Hoy acoge a m\u00e1s de 190 motos de marcas nacionales e internacionales, con prototipos y ejemplares \u00fanicos en el mundo. Y todo en m\u00e1s de 1000m2 de exposici\u00f3n, divididos en dos salas di\u00e1fanas. A lo largo del a\u00f1o organiza diferentes actividades, entre ellas las visitas guiadas dirigidas al p\u00fablico general, pero tambi\u00e9n a las escuelas.<\/p>\n<p>Haz una visita a su web, \u00a1te encantar\u00e1! Click, <a href=\"http:\/\/www.museumoto.com\/cat\"><span style=\"color: #1155cc;\"><u>aqu\u00ed<\/u><\/span><\/a>.[\/vc_column_text][\/vc_tta_section][vc_tta_section title=\u00bbPantano de Oliana y Rialb\u00bb tab_id=\u00bbPanta-Oliana-i-Rialb\u00bb][vc_row_inner css=\u00bb.vc_custom_1640266800668{background-image: url(http:\/\/www.hotelcalpetit.es\/wp-content\/uploads\/2021\/12\/panta-rialb-i-oliana.jpg?id=652) !important;background-position: center !important;background-repeat: no-repeat !important;background-size: cover !important;}\u00bb][vc_column_inner]<div class=\"vcex-spacing wpex-w-100 wpex-clear\" style=\"height:300px\"><\/div>[\/vc_column_inner][\/vc_row_inner]<div class=\"vcex-spacing wpex-w-100 wpex-clear\" style=\"height:20px\"><\/div>[vc_column_text el_class=\u00bbcaslon\u00bb font_size=\u00bb20&#8243; color=\u00bb#ce9f51&#8243;]Pantano de Oliana y Rialb[\/vc_column_text]<div class=\"vcex-spacing wpex-w-100 wpex-clear\" style=\"height:20px\"><\/div>[vc_column_text font_size=\u00bb16&#8243; color=\u00bb#000000&#8243;]El Pantano de Oliana y Rialb se han convertido en dos puntos de referencia en el territorio. No s\u00f3lo por las aguas que los acogen, tambi\u00e9n por la gran variedad de actividades que se pueden realizar. Entre las m\u00e1s populares se encuentran las excursiones en kayak, que permiten descubrir espacios y valles que la construcci\u00f3n del embalse dej\u00f3 aisladas. Desde el pantano de Oliana, por ejemplo, se puede apreciar la sierra de Turb, les Anoves y la Valldans, siendo especialmente impresionante acercarse a las paredes del Turb y Auven\u00e7 y visitar el desfiladero de Esplobins.<\/p>\n<p>Otras actividades que pueden realizarse en estos pantanos de aguas tranquilas, son el pirag\u00fcismo, el esqu\u00ed-bob, windsurf y paddle surf. Pero no nos olvidemos de su entorno, ya que \u00e9ste es ideal para practicar deportes de aventura. El barranquismo en el r\u00edo Rialb, la iniciaci\u00f3n a la escalada, las caminatas de resistencia, la btt, el enduro o el motocross son las actividades que tienen m\u00e1s demanda. Adem\u00e1s, la zona es bien privilegiada para la pesca y es que aparte de los pantanos de Rialb y Oliana, los cotos de Ponts y Oliana en el r\u00edo Segre y el r\u00edo Rialb son muy reconocidos.<\/p>\n<p>Por otro lado, tambi\u00e9n es interesante destacar los distintos paneles informativos que se encuentran en la zona, que proporcionan informaci\u00f3n sobre las diferentes especies que habitan el entorno. As\u00ed como los que dan informaci\u00f3n sobre la orograf\u00eda del terreno, las monta\u00f1as cercanas y el patrimonio cultural que rodea a estos bonitos parajes.<\/p>\n<p>Actividades Pantano de Oliana: <a href=\"https:\/\/kayaksandsummits.com\/caiac\/?lang=es\"><span style=\"color: #1155cc;\"><u>Kayaks &amp; Summits<\/u><\/span><\/a> &#8211; <a href=\"https:\/\/www.instagram.com\/lobosquetdelpanta\/\"><span style=\"color: #1155cc;\"><u>Lo Bosquet del Pant\u00e0<\/u><\/span><\/a><\/p>\n<p>Actividades Pantano de Rialb: <a href=\"http:\/\/www.lapicatrips.com\/Lapica_SegreMitja\/2015\/activitat\/pack-rialb-al-pant-de-rialb-lleida\"><span style=\"color: #1155cc;\"><u>LAPICA FUN<\/u><\/span><\/a> &#8211; <a href=\"http:\/\/www.clubnauticsegrerialb.com\/\"><span style=\"color: #1155cc;\"><u>Club N\u00e0utic Segre Rialb<\/u><\/span><\/a>[\/vc_column_text][\/vc_tta_section][vc_tta_section title=\u00bbZoo del Pirineu\u00bb tab_id=\u00bbZoo-del-Pirineu\u00bb][vc_row_inner css=\u00bb.vc_custom_1640266819704{background-image: url(http:\/\/www.hotelcalpetit.es\/wp-content\/uploads\/2021\/12\/zoo-pirineu.jpg?id=656) !important;background-position: center !important;background-repeat: no-repeat !important;background-size: cover !important;}\u00bb][vc_column_inner]<div class=\"vcex-spacing wpex-w-100 wpex-clear\" style=\"height:300px\"><\/div>[\/vc_column_inner][\/vc_row_inner]<div class=\"vcex-spacing wpex-w-100 wpex-clear\" style=\"height:20px\"><\/div>[vc_column_text el_class=\u00bbcaslon\u00bb font_size=\u00bb20&#8243; color=\u00bb#ce9f51&#8243;]Zoo del Pirineu[\/vc_column_text]<div class=\"vcex-spacing wpex-w-100 wpex-clear\" style=\"height:20px\"><\/div>[vc_column_text font_size=\u00bb16&#8243; color=\u00bb#000000&#8243;]Situado en Od\u00e8n (a 29 km de Cal Petit), el Zoo del Pirineu es un refugio de animales salvajes. Por eso s\u00f3lo se puede visitar acompa\u00f1ado de un gu\u00eda. A lo largo del a\u00f1o se organizan diferentes actividades que realzan la incre\u00edble labor del zoo que vela por la seguridad y el bienestar de los animales, acogiendo a m\u00e1s de 40 especies animales, todas ellas propias del Pirineo catal\u00e1n. Una ubicaci\u00f3n privilegiada y condiciones \u00f3ptimas que permiten vivir un verdadero espect\u00e1culo de la naturaleza, marcado por la espontaneidad de sus habitantes.<\/p>\n<p>Acompa\u00f1ados del gu\u00eda, se pueden tocar algunos de los animales, incluso darles comida o ayudar a entrenarlos. Todo en un ambiente tranquilo donde se ense\u00f1an los valores m\u00e1s importantes de respeto por la naturaleza y los animales. Por otro lado, se pueden observar buitres, halcones y \u00e1guilas salvajes, en un espacio de respeto donde las vistas del paisaje dejar\u00e1n sin aliento. Una experiencia que, sin lugar a dudas, permite ver en un instante un tercio de toda Catalu\u00f1a, disfrutando del apasionante mundo de los animales salvajes del Pirineo.<\/p>\n<p>Descubre el Zoo del Pirineu, haz click <a href=\"https:\/\/www.zoodelpirineu.com\/\"><span style=\"color: #1155cc;\"><u>aqu\u00ed<\/u><\/span><\/a>.[\/vc_column_text][\/vc_tta_section][vc_tta_section title=\u00bbDinosfera de Coll de Narg\u00f3\u00bb tab_id=\u00bbDinosfera-de-Coll-de-Nargo\u00bb][vc_row_inner css=\u00bb.vc_custom_1640266883253{background-image: url(http:\/\/www.hotelcalpetit.es\/wp-content\/uploads\/2021\/12\/dinosfera_xarxa-museus-del-pirineu.jpg?id=660) !important;background-position: center !important;background-repeat: no-repeat !important;background-size: cover !important;}\u00bb][vc_column_inner]<div class=\"vcex-spacing wpex-w-100 wpex-clear\" style=\"height:300px\"><\/div>[\/vc_column_inner][\/vc_row_inner]<div class=\"vcex-spacing wpex-w-100 wpex-clear\" style=\"height:20px\"><\/div>[vc_column_text el_class=\u00bbcaslon\u00bb font_size=\u00bb20&#8243; color=\u00bb#ce9f51&#8243;]Dinosfera de Coll de Narg\u00f3[\/vc_column_text]<div class=\"vcex-spacing wpex-w-100 wpex-clear\" style=\"height:20px\"><\/div>[vc_column_text font_size=\u00bb16&#8243; color=\u00bb#000000&#8243;]\u00bfSab\u00edas que hace m\u00e1s de 66 millones de a\u00f1os, donde hoy encontramos las monta\u00f1as de la cordillera prepirenaica habitaban los \u00faltimos dinosaurios de Europa? Hoy, gracias a la red <a href=\"https:\/\/dinosauresdelspirineus.cat\/\"><span style=\"color: #1155cc;\"><u>Dinosaures dels Pirineus<\/u><\/span><\/a>, podemos conocer c\u00f3mo eran estas tierras y las especies animales y vegetales que habitaban. Dinosfera de Coll de Narg\u00f3 es uno de los centros de interpretaci\u00f3n que forman parte de la red y que, bajo una esmerada investigaci\u00f3n a trav\u00e9s de los restos f\u00f3siles recuperados (huesos, icnitas y huevos) e interpretaci\u00f3n, nos muestra una ventana a este fascinante pasado .<\/p>\n<p>La exposici\u00f3n, organizada en nueve \u00e1mbitos, muestra a trav\u00e9s de audiovisuales, juegos interactivos, f\u00f3siles reales, r\u00e9plicas y reconstrucciones, las diferentes especies de dinosaurios que habitaban en el Pirineo. Los dos primeros \u00e1mbitos reconstruyen el paisaje y explican los yacimientos de la zona. El tercer y cuarto \u00e1mbito se centran en los huevos desde un punto de vista general, para dar el protagonismo que merece el mayor nido de dinosaurio de Europa, encontrado en Coll de Narg\u00f3.<\/p>\n<p>El quinto \u00e1mbito explica el hallazgo, la excavaci\u00f3n, la restauraci\u00f3n y el estudio de ese hallazgo. Y lo hace a trav\u00e9s de un juego interactivo que reproduce su proceso de excavaci\u00f3n. A continuaci\u00f3n, los \u00e1mbitos sexto y s\u00e9ptimo muestran las l\u00edneas de estudio actuales y las que se est\u00e1n desarrollando. Por \u00faltimo, el \u00e1mbito 8 explica qu\u00e9 ocurri\u00f3 en la tierra cuando los dinosaurios se extinguieron.<\/p>\n<p>\u00a1Haz un viaje al pasado y visita <a href=\"http:\/\/dinosfera.com\/\"><span style=\"color: #1155cc;\"><u>Dinosfera<\/u><\/span><\/a>![\/vc_column_text][\/vc_tta_section][vc_tta_section title=\u00bbSal\u00ed de Cambrils\u00bb tab_id=\u00bbSali-de-Cambrils\u00bb][vc_row_inner css=\u00bb.vc_custom_1640266893981{background-image: url(http:\/\/www.hotelcalpetit.es\/wp-content\/uploads\/2021\/12\/sali-de-cambrils_salidecambrils.cat_.jpg?id=664) !important;background-position: center !important;background-repeat: no-repeat !important;background-size: cover !important;}\u00bb][vc_column_inner]<div class=\"vcex-spacing wpex-w-100 wpex-clear\" style=\"height:300px\"><\/div>[\/vc_column_inner][\/vc_row_inner]<div class=\"vcex-spacing wpex-w-100 wpex-clear\" style=\"height:20px\"><\/div>[vc_column_text el_class=\u00bbcaslon\u00bb font_size=\u00bb20&#8243; color=\u00bb#ce9f51&#8243;]Sal\u00ed de Cambrils[\/vc_column_text]<div class=\"vcex-spacing wpex-w-100 wpex-clear\" style=\"height:20px\"><\/div>[vc_column_text font_size=\u00bb16&#8243; color=\u00bb#000000&#8243;]El Sal\u00ed de Cambrils es una de las pocas salinas de monta\u00f1a que se encuentran en Catalu\u00f1a y est\u00e1 situado a 34 km de Cal Petit. Parece que las propiedades de este sitio ya se utilizaban en la edad media, momento en el que ganaderos y vecinos de Cambrils aprovechaban la sal tanto para consumo propio como para el ganado. Sin embargo, las salinas como tal empezaron a funcionar a finales del siglo XVIII. Desde entonces hasta mediados del siglo XX, el complejo provey\u00f3 de sal a los pueblos del Solson\u00e8s y el Alt Urgell.<\/p>\n<p>Las salinas, tal y como las conocemos actualmente, fueron construidas entre finales del siglo XIX y principios del siglo XX en torno a dos parajes paralelos al r\u00edo Fred (afluente del Segre): la Font Salada y Les Cabanetes. Junto a \u00e9stos, los bancales con las eras de evaporaci\u00f3n son uno de los elementos m\u00e1s caracter\u00edsticos, con terrazas donde el agua deja paso a peque\u00f1as monta\u00f1as de sal. En el mismo Sal\u00ed, aunque dividido en dos, tambi\u00e9n se encuentra el edificio que ten\u00eda la funci\u00f3n de oficina, almac\u00e9n y residencia: la Casa Nova y la Casa Vella.<\/p>\n<p>En la actualidad se convierte en un importante testimonio de la actividad productiva desarrollada en la monta\u00f1a, que nos permite conocer el ingenioso sistema de aprovechamiento de agua dulce y salada. Es visitable y se puede acceder tanto a t\u00edtulo individual como en grupos. Una buena forma de conocer el espacio es a trav\u00e9s de una visita guiada, que muestra con detenimiento los diferentes molinos que formaban parte del complejo, as\u00ed como todo el proceso de adquisici\u00f3n de la sal. En paralelo, este espacio tambi\u00e9n se puede disfrutar de otra forma, a trav\u00e9s del ba\u00f1o terap\u00e9utico.<\/p>\n<p>Un d\u00eda completo. Conoce todo lo que te ofrece el Sal\u00ed de Cambrils, <a href=\"http:\/\/salidecambrils.cat\/\"><span style=\"color: #1155cc;\"><u>aqu\u00ed<\/u><\/span><\/a>.[\/vc_column_text][\/vc_tta_section][vc_tta_section title=\u00bbVia ferrata Serra de les Canals\u00bb tab_id=\u00bbVia-ferrada-Serra-de-les-Canals\u00bb][vc_row_inner css=\u00bb.vc_custom_1640266906880{background-image: url(http:\/\/www.hotelcalpetit.es\/wp-content\/uploads\/2021\/12\/via-ferrada-serra-de-la-canal.jpg?id=668) !important;background-position: center !important;background-repeat: no-repeat !important;background-size: cover !important;}\u00bb][vc_column_inner]<div class=\"vcex-spacing wpex-w-100 wpex-clear\" style=\"height:300px\"><\/div>[\/vc_column_inner][\/vc_row_inner]<div class=\"vcex-spacing wpex-w-100 wpex-clear\" style=\"height:20px\"><\/div>[vc_column_text el_class=\u00bbcaslon\u00bb font_size=\u00bb20&#8243; color=\u00bb#ce9f51&#8243;]Via ferrata Serra de les Canals[\/vc_column_text]<div class=\"vcex-spacing wpex-w-100 wpex-clear\" style=\"height:20px\"><\/div>[vc_column_text font_size=\u00bb16&#8243; color=\u00bb#000000&#8243;]Situada junto a Oliana, esta v\u00eda ferrata es conocida como camino vertical de la Serra de les Canals. Tiene un recorrido en forma de 8, dividido en 2 tramos bien diferenciados. El recorrido total es de 1,42 km, siendo la altura m\u00e1xima 864 m y el desnivel aproximado de 200 m. Para realizar el recorrido es obligatorio el uso de casco, arn\u00e9s y disipador para caminos verticales (absorbedor de energ\u00eda o placa disipadora y mosquetones tipo K). Tambi\u00e9n se recomienda llevar anclaje o descanso con mosquet\u00f3n de gran abertura, calzado de monta\u00f1a, guantes y agua.<\/p>\n<p>El primero tiene menos dificultad y es ideal si se quiere utilizar como v\u00eda de iniciaci\u00f3n o familiar. La subida es sostenida con un desnivel de 150 m alternando cadenas y grapas. Al llegar a lo alto, se sale hacia la derecha por la cresta en un recorrido de m\u00e1s de 500 m. A continuaci\u00f3n, pasando el paso del tabl\u00f3n, se llega a un tramo m\u00e1s suave con grapas y una cadena que lleva a la base de la pared. El recorrido es de aproximadamente 1 hora y no tiene posibilidades de escape en todo el recorrido. Para acceder al segundo tramo hay que dirigirse a la izquierda, siguiendo una cadena que lleva debajo del Roc de les Tres Creus. La duraci\u00f3n aproximada es de 1 hora.<\/p>\n<p>Todo lo que necesitas saber sobre la V\u00eda Ferrata Serra de les Canals lo encontrar\u00e1s <a href=\"https:\/\/www.rocjumper.com\/wp-content\/uploads\/2020\/05\/Cartel-Serra-Canals-logo.pdf\"><span style=\"color: #1155cc;\"><u>aqu\u00ed<\/u><\/span><\/a>.[\/vc_column_text][\/vc_tta_section][vc_tta_section title=\u00bbVisita a la formatgeria l\u2019Oliva\u00bb tab_id=\u00bbVisita-a-la-formatgeria-Oliva\u00bb][vc_row_inner css=\u00bb.vc_custom_1640266917844{background-image: url(http:\/\/www.hotelcalpetit.es\/wp-content\/uploads\/2021\/12\/visita-formatgeria-l_Oliva.jpg?id=672) !important;background-position: center !important;background-repeat: no-repeat !important;background-size: cover !important;}\u00bb][vc_column_inner]<div class=\"vcex-spacing wpex-w-100 wpex-clear\" style=\"height:300px\"><\/div>[\/vc_column_inner][\/vc_row_inner]<div class=\"vcex-spacing wpex-w-100 wpex-clear\" style=\"height:20px\"><\/div>[vc_column_text el_class=\u00bbcaslon\u00bb font_size=\u00bb20&#8243; color=\u00bb#ce9f51&#8243;]Visita a la formatgeria l\u2019Oliva[\/vc_column_text]<div class=\"vcex-spacing wpex-w-100 wpex-clear\" style=\"height:20px\"><\/div>[vc_column_text font_size=\u00bb16&#8243; color=\u00bb#000000&#8243;]Formatges L&#8217;Oliva es un proyecto que se inici\u00f3 el pasado 2011, impulsado por una pareja joven que quiso recuperar el pajar de la mas\u00eda familiar. Elaboran quesos con leche de cabra de forma totalmente artesanal. Actualmente, la leche proviene de una granja de la zona, pero han empezado a criar su propio reba\u00f1o de cabras de leche para abastecer a la queser\u00eda.<\/p>\n<p>Actualmente hacen cinco quesos de cabra: Lo Rumbau (un aserrado, prensado y con 80 d\u00edas de maduraci\u00f3n), Lo Coscollet (de pasta blanda, cuajada \u00e1cida y corteza, hecho con leche pasteurizada), Lo Turp y Lo Cendrat (de pasta blanda, cuajada \u00e1cida, a partir de leche cruda), L&#8217;Orri (quesos macerados con aceite de oliva y hierbas). Por otro lado, tambi\u00e9n hacen \u201cbrossat\u201d y \u201crecuit\u201d.<\/p>\n<p>Adem\u00e1s, tambi\u00e9n se pueden realizar visitas, talleres y catas tanto al obrador como a la granja. \u00a1Una actividad para toda la familia con mucho gusto! Descubre la queser\u00eda L&#8217;Oliva, <a href=\"http:\/\/www.formatgesloliva.com\/\"><span style=\"color: #1155cc;\"><u>aqu\u00ed<\/u><\/span><\/a>.[\/vc_column_text][\/vc_tta_section][vc_tta_section title=\u00bbRutas BTT\u00bb tab_id=\u00bbRutes-BTT\u00bb][vc_row_inner css=\u00bb.vc_custom_1640266932057{background-image: url(http:\/\/www.hotelcalpetit.es\/wp-content\/uploads\/2021\/12\/activitat-rutes-BTT.jpg?id=676) !important;background-position: center !important;background-repeat: no-repeat !important;background-size: cover !important;}\u00bb][vc_column_inner]<div class=\"vcex-spacing wpex-w-100 wpex-clear\" style=\"height:300px\"><\/div>[\/vc_column_inner][\/vc_row_inner]<div class=\"vcex-spacing wpex-w-100 wpex-clear\" style=\"height:20px\"><\/div>[vc_column_text el_class=\u00bbcaslon\u00bb font_size=\u00bb20&#8243; color=\u00bb#ce9f51&#8243;]Rutas BTT[\/vc_column_text]<div class=\"vcex-spacing wpex-w-100 wpex-clear\" style=\"height:20px\"><\/div>[vc_column_text font_size=\u00bb16&#8243; color=\u00bb#000000&#8243;]El Alt Urgell es un verdadero para\u00edso para los amantes del ciclismo, tanto de carretera como btt. En Cal Petit disponemos de espacio para guardar la bici y un peque\u00f1o taller en caso de necesitar alguna reparaci\u00f3n. Entre la diversidad de rutas que se pueden hacer, proponemos las siguientes:<\/p>\n<p>\u00b7 <a href=\"http:\/\/inforutes.parcolimpic.cat\/rutes-btt\/ruta-71.-ruta-dels-dolmens\"><span style=\"color: #1155cc;\"><u>Ruta de los d\u00f3lmenes de Cab\u00f3<\/u><\/span><\/a>, un recorrido de casi 28 km sin grandes dificultades y con dos grandes atractivos: el paisaje y las construcciones megal\u00edticas del valle. El itinerario comienza y termina en Organy\u00e0. Las vistas m\u00e1s excepcionales sobre el valle se encuentran justo al lado del dolmen de la Espluga del Mol\u00ed de Fav\u00e0.<\/p>\n<p>\u00b7 <a href=\"http:\/\/inforutes.parcolimpic.cat\/rutes-btt\/ruta-81.-volta-a-gavarra\"><span style=\"color: #1155cc;\"><u>Vuelta a Gavarra<\/u><\/span><\/a>, un itinerario que supera los 40 km con un paisaje muy variado que transcurre por una zona solitaria, pero de gran belleza, por la umbr\u00eda de la sierra de Auben\u00e7, el Pla de Tolustre y el ca\u00f1\u00f3n de Valldarques. Tres puntos de indispensable parada: la iglesia vieja de Sant Climent, la Torre del Duc y la Gavarra, con sus casas de piedra, el castillo y la vista de las llanuras de la Noguera y el Urgell.<\/p>\n<p>\u00b7 <a href=\"http:\/\/turismeperamola.cat\/propostes-esportives\"><span style=\"color: #1155cc;\"><u>El Corb, Cortiuada y Castell-llebre<\/u><\/span><\/a>, una b\u00f3veda circular de dificultad alta que ofrece variedad de paisajes y desniveles. Con puntos muy interesantes como la Roca del Corb y la Sierra de Sant Honorat. El itinerario tiene unos 37 km de recorrido y llega a su punto m\u00e1s alto a los 1264 m.<\/p>\n<p>\u00b7 <a href=\"http:\/\/benvinguts.cat\/rutes\/volta-a-lembassament-de-rialb\/\"><span style=\"color: #1155cc;\"><u>Vuelta al embalse de Rialb (Rialb BTT Tour)<\/u><\/span><\/a>, recorrido por senderos y pistas con unas preciosas vistas al pantano de Rialb y a las sierras que rodean el noreste de la Noguera y el sur del Alt Urgell. Punto de salida y llegada en el pueblo de Tiurana con recorrido total de 68,5 km.<\/p>\n<p>Descubre m\u00e1s rutas en btt y bici de carretera en <a href=\"https:\/\/es.wikiloc.com\/\"><span style=\"color: #1155cc;\"><u>wikiloc<\/u><\/span><\/a>.[\/vc_column_text][\/vc_tta_section][vc_tta_section title=\u00bbSenderismo\u00bb tab_id=\u00bbSenderisme\u00bb][vc_row_inner css=\u00bb.vc_custom_1640266946634{background-image: url(http:\/\/www.hotelcalpetit.es\/wp-content\/uploads\/2021\/12\/activitat-senderisme.jpg?id=680) !important;background-position: center !important;background-repeat: no-repeat !important;background-size: cover !important;}\u00bb][vc_column_inner]<div class=\"vcex-spacing wpex-w-100 wpex-clear\" style=\"height:300px\"><\/div>[\/vc_column_inner][\/vc_row_inner]<div class=\"vcex-spacing wpex-w-100 wpex-clear\" style=\"height:20px\"><\/div>[vc_column_text el_class=\u00bbcaslon\u00bb font_size=\u00bb20&#8243; color=\u00bb#ce9f51&#8243;]Senderismo[\/vc_column_text]<div class=\"vcex-spacing wpex-w-100 wpex-clear\" style=\"height:20px\"><\/div>[vc_column_text font_size=\u00bb16&#8243; color=\u00bb#000000&#8243;]Nuestra ubicaci\u00f3n privilegiada en medio de la naturaleza nos regala rincones llenos de belleza. Descubrirlos a pie es todo un j\u00fabilo. A continuaci\u00f3n os damos a conocer algunas de las rutas que m\u00e1s nos gustan:<\/p>\n<p>\u00b7 <a href=\"http:\/\/www.camidelpirineu.cat\/activitats\/senderisme\/cami-de-les-fonts\"><span style=\"color: #1155cc;\"><u>Camino de les Fonts<\/u><\/span><\/a>, una ruta circular por los alrededores de la poblaci\u00f3n de Oliana de 8,22 km de distancia y dificultad moderada. Este itinerario pasa por la fuente de la Gotzena, la fuente del Aube, el Reguer del Jaumet y la iglesia de Sant Jaume. Es en este \u00faltimo punto donde se puede disfrutar de unas preciosas panor\u00e1micas sobre el valle del Segre.<\/p>\n<p>\u00b7 <a href=\"http:\/\/www.camidelpirineu.cat\/activitats\/senderisme\/cami-del-castell-doliana\"><span style=\"color: #1155cc;\"><u>Ruta Sant Andreu del Castell<\/u><\/span><\/a>, una ruta circular de 6 km de distancia y dificultad baja que tiene por objetivo descubrir el castillo de Oliana y la iglesia de Sant Andreu del Castell. Tambi\u00e9n pasa por la Serra de les Canals de gran valor paisaj\u00edstico.<\/p>\n<p>\u00b7 <a href=\"http:\/\/www.camidelpirineu.cat\/activitats\/senderisme\/cami-de-la-serra-doliana\"><span style=\"color: #1155cc;\"><u>Camino de la Sierra de Oliana<\/u><\/span><\/a>, una ruta de 17km casi circular que se inicia junto a la Escola Sant Jordi de Oliana para llegar a la Fuente de la Gotzena, la Cruz de las Llaceres y Cal Caramet, dejando en a la derecha una bonita perspectiva de la Serra de les Canals. Tambi\u00e9n se pasa por la ermita de Sant Jaume de Graell.<\/p>\n<p>\u00b7 <a href=\"http:\/\/www.camidelpirineu.cat\/activitats\/senderisme\/cami-del-gr1-les-encantades\"><span style=\"color: #1155cc;\"><u>GR1 &#8211; Les Encantades<\/u><\/span><\/a>, una ruta pr\u00e1cticamente circular de 25 km de distancia y dificultad alta, que recorre la Serra de les Canals, siguiendo hacia el Coll del Portell, con el pantano de Oliana a los pies y la Sierra de Auben\u00e7 enfrente, para llegar a Les Encantades, unos relieves redondeados de apariencia montserratina.<\/p>\n<p>Descubre las rutas de senderismo m\u00e1s conocidas que puedes realizar en el Alt Urgell, <a href=\"http:\/\/www.alturgell.cat\/senderisme\"><span style=\"color: #1155cc;\"><u>aqu\u00ed<\/u><\/span><\/a>.[\/vc_column_text][\/vc_tta_section][vc_tta_section title=\u00bbExperiencias Off Road\u00bb tab_id=\u00bbExperiencies-Off-Road\u00bb][vc_row_inner css=\u00bb.vc_custom_1640266986524{background-image: url(http:\/\/www.hotelcalpetit.es\/wp-content\/uploads\/2021\/12\/off-road_bassella-experiences.jpg?id=684) !important;background-position: center !important;background-repeat: no-repeat !important;background-size: cover !important;}\u00bb][vc_column_inner]<div class=\"vcex-spacing wpex-w-100 wpex-clear\" style=\"height:300px\"><\/div>[\/vc_column_inner][\/vc_row_inner]<div class=\"vcex-spacing wpex-w-100 wpex-clear\" style=\"height:20px\"><\/div>[vc_column_text el_class=\u00bbcaslon\u00bb font_size=\u00bb20&#8243; color=\u00bb#ce9f51&#8243;]Experiencias Off Road[\/vc_column_text]<div class=\"vcex-spacing wpex-w-100 wpex-clear\" style=\"height:20px\"><\/div>[vc_column_text font_size=\u00bb16&#8243; color=\u00bb#000000&#8243;]Nuestra ubicaci\u00f3n en medio de un precioso entorno de monta\u00f1a es una zona ideal para la pr\u00e1ctica de deportes de motor off road, al mismo tiempo que se convierte en un marco incomparable para el desarrollo de actividades al aire libre complementarias (btt, rafting, barranquismo, trekking, entre muchas m\u00e1s).<\/p>\n<p>SUV y 4&#215;4: experimenta una verdadera experiencia off road recorriendo circuitos y pistas creados especialmente para el offroad.<\/p>\n<p>Bassella Motocross Park: se trata de un circuito privado de 1&#8217;6 km de longitud, homologado por la FCM. Es gestionado por el Club Sip Sport ya lo largo del a\u00f1o organiza distintos entrenamientos libres y cronometrados.<\/p>\n<p>Kartcross: pon a prueba tus l\u00edmites y convi\u00e9rtete en piloto por un d\u00eda al volante de un kartcross con m\u00e1s de 100CV de potencia para menos de 300 kg de peso. Contar\u00e1s con la supervisi\u00f3n de instructores que te ayudar\u00e1n a mejorar.<\/p>\n<p>Excursiones y rutas: sobre dos o cuatro ruedas, por asfalto o pista, descubre el entorno del Pre-Pirineo de Lleida con una excursi\u00f3n. Ruta micol\u00f3gica, ruta rom\u00e1nica, ruta de los contrabandistas, \u00a1entre muchas m\u00e1s!<\/p>\n<p>\u00bfQuieres conocer lugares asombrosos y disfrutar al m\u00e1ximo la naturaleza? No te pierdas las propuestas de <a href=\"http:\/\/www.bassella.com\/\"><span style=\"color: #1155cc;\"><u>Bassella Experiences<\/u><\/span><\/a>.[\/vc_column_text][\/vc_tta_section][\/vc_tta_tour][\/vc_column][vc_column width=\u00bb1\/12&#8243;][\/vc_column][\/vc_row][\/vc_section]\n","protected":false},"excerpt":{"rendered":"<p>[vc_section][vc_row full_width=\u00bbstretch_row_content_no_spaces\u00bb css=\u00bb.vc_custom_1639741327431{background-image: url(http:\/\/www.hotelcalpetit.es\/wp-content\/uploads\/2021\/11\/turisme-header.jpg?id=477) !important;background-position: center !important;background-repeat: no-repeat !important;background-size: cover !important;}\u00bb][vc_column css=\u00bb.vc_custom_1636531037622{border-right-width: 20px !important;border-left-width: 20px !important;border-left-color: #ffffff !important;border-left-style: s\u00f2lid !important;border-right-color: #ffffff !important;border-right-style: s\u00f2lid !important;}\u00bb][\/vc_column][\/vc_row][vc_row full_width=\u00bbstretch_row_content_no_spaces\u00bb css=\u00bb.vc_custom_1636531471698{padding-top: 20px !important;padding-bottom: 20px !important;background-color: #ce9f51 !important;}\u00bb el_class=\u00bbbordes\u00bb][vc_column][vc_column_text el_class=\u00bbcaslon\u00bb color=\u00bb#ffffff\u00bb font_size=\u00bb25&#8243; font_weight=\u00bb600&#8243; text_align=\u00bbcenter\u00bb] Turismo [\/vc_column_text][\/vc_column][\/vc_row][vc_row full_width=\u00bbstretch_row\u00bb css=\u00bb.vc_custom_1640003414379{margin-top: 60px !important;padding-top: 40px !important;padding-bottom: 40px !important;background-color: #e8e8e8 !important;}\u00bb][vc_column width=\u00bb1\/12&#8243;][\/vc_column][vc_column width=\u00bb5\/12&#8243;][vc_column_text text_align=\u00bbcenter\u00bb color=\u00bb#000000&#8243; font_size=\u00bb16&#8243;&hellip;<\/p>\n","protected":false},"author":1,"featured_media":0,"parent":0,"menu_order":0,"comment_status":"closed","ping_status":"closed","template":"","meta":[],"yoast_head":"<!-- This site is optimized with the Yoast SEO plugin v17.8 - https:\/\/yoast.com\/wordpress\/plugins\/seo\/ -->\n<title>Turismo - Cal Petit<\/title>\n<meta name=\"robots\" content=\"noindex, follow, max-snippet:-1, max-image-preview:large, max-video-preview:-1\" \/>\n<meta property=\"og:locale\" content=\"es_ES\" \/>\n<meta property=\"og:type\" content=\"article\" \/>\n<meta property=\"og:title\" content=\"Turismo - Cal Petit\" \/>\n<meta property=\"og:description\" content=\"[vc_section][vc_row full_width=\u00bbstretch_row_content_no_spaces\u00bb css=\u00bb.vc_custom_1639741327431{background-image: url(http:\/\/www.hotelcalpetit.es\/wp-content\/uploads\/2021\/11\/turisme-header.jpg?id=477) !important;background-position: center !important;background-repeat: no-repeat !important;background-size: cover !important;}\u00bb][vc_column css=\u00bb.vc_custom_1636531037622{border-right-width: 20px !important;border-left-width: 20px !important;border-left-color: #ffffff !important;border-left-style: s\u00f2lid !important;border-right-color: #ffffff !important;border-right-style: s\u00f2lid !important;}\u00bb][\/vc_column][\/vc_row][vc_row full_width=\u00bbstretch_row_content_no_spaces\u00bb css=\u00bb.vc_custom_1636531471698{padding-top: 20px !important;padding-bottom: 20px !important;background-color: #ce9f51 !important;}\u00bb el_class=\u00bbbordes\u00bb][vc_column][vc_column_text el_class=\u00bbcaslon\u00bb color=\u00bb#ffffff\u00bb font_size=\u00bb25&#8243; font_weight=\u00bb600&#8243; text_align=\u00bbcenter\u00bb] Turismo [\/vc_column_text][\/vc_column][\/vc_row][vc_row full_width=\u00bbstretch_row\u00bb css=\u00bb.vc_custom_1640003414379{margin-top: 60px !important;padding-top: 40px !important;padding-bottom: 40px !important;background-color: #e8e8e8 !important;}\u00bb][vc_column width=\u00bb1\/12&#8243;][\/vc_column][vc_column width=\u00bb5\/12&#8243;][vc_column_text text_align=\u00bbcenter\u00bb color=\u00bb#000000&#8243; font_size=\u00bb16&#8243;&hellip;\" \/>\n<meta property=\"og:url\" content=\"https:\/\/www.hotelcalpetit.es\/es\/turismo\/\" \/>\n<meta property=\"og:site_name\" content=\"Cal Petit\" \/>\n<meta property=\"article:modified_time\" content=\"2025-07-11T16:06:40+00:00\" \/>\n<meta name=\"twitter:card\" content=\"summary_large_image\" \/>\n<meta name=\"twitter:label1\" content=\"Tiempo de lectura\" \/>\n\t<meta name=\"twitter:data1\" content=\"30 minutos\" \/>\n<script type=\"application\/ld+json\" class=\"yoast-schema-graph\">{\"@context\":\"https:\/\/schema.org\",\"@graph\":[{\"@type\":\"WebSite\",\"@id\":\"https:\/\/www.hotelcalpetit.es\/#website\",\"url\":\"https:\/\/www.hotelcalpetit.es\/\",\"name\":\"Cal Petit\",\"description\":\"\",\"potentialAction\":[{\"@type\":\"SearchAction\",\"target\":{\"@type\":\"EntryPoint\",\"urlTemplate\":\"https:\/\/www.hotelcalpetit.es\/?s={search_term_string}\"},\"query-input\":\"required name=search_term_string\"}],\"inLanguage\":\"es\"},{\"@type\":\"WebPage\",\"@id\":\"https:\/\/www.hotelcalpetit.es\/es\/turismo\/#webpage\",\"url\":\"https:\/\/www.hotelcalpetit.es\/es\/turismo\/\",\"name\":\"Turismo - Cal Petit\",\"isPartOf\":{\"@id\":\"https:\/\/www.hotelcalpetit.es\/#website\"},\"datePublished\":\"2021-09-16T07:29:16+00:00\",\"dateModified\":\"2025-07-11T16:06:40+00:00\",\"breadcrumb\":{\"@id\":\"https:\/\/www.hotelcalpetit.es\/es\/turismo\/#breadcrumb\"},\"inLanguage\":\"es\",\"potentialAction\":[{\"@type\":\"ReadAction\",\"target\":[\"https:\/\/www.hotelcalpetit.es\/es\/turismo\/\"]}]},{\"@type\":\"BreadcrumbList\",\"@id\":\"https:\/\/www.hotelcalpetit.es\/es\/turismo\/#breadcrumb\",\"itemListElement\":[{\"@type\":\"ListItem\",\"position\":1,\"name\":\"Inici\",\"item\":\"https:\/\/www.hotelcalpetit.es\/es\/\"},{\"@type\":\"ListItem\",\"position\":2,\"name\":\"Turismo\"}]}]}<\/script>\n<!-- \/ Yoast SEO plugin. -->","yoast_head_json":{"title":"Turismo - Cal Petit","robots":{"index":"noindex","follow":"follow","max-snippet":"max-snippet:-1","max-image-preview":"max-image-preview:large","max-video-preview":"max-video-preview:-1"},"og_locale":"es_ES","og_type":"article","og_title":"Turismo - Cal Petit","og_description":"[vc_section][vc_row full_width=\u00bbstretch_row_content_no_spaces\u00bb css=\u00bb.vc_custom_1639741327431{background-image: url(http:\/\/www.hotelcalpetit.es\/wp-content\/uploads\/2021\/11\/turisme-header.jpg?id=477) !important;background-position: center !important;background-repeat: no-repeat !important;background-size: cover !important;}\u00bb][vc_column css=\u00bb.vc_custom_1636531037622{border-right-width: 20px !important;border-left-width: 20px !important;border-left-color: #ffffff !important;border-left-style: s\u00f2lid !important;border-right-color: #ffffff !important;border-right-style: s\u00f2lid !important;}\u00bb][\/vc_column][\/vc_row][vc_row full_width=\u00bbstretch_row_content_no_spaces\u00bb css=\u00bb.vc_custom_1636531471698{padding-top: 20px !important;padding-bottom: 20px !important;background-color: #ce9f51 !important;}\u00bb el_class=\u00bbbordes\u00bb][vc_column][vc_column_text el_class=\u00bbcaslon\u00bb color=\u00bb#ffffff\u00bb font_size=\u00bb25&#8243; font_weight=\u00bb600&#8243; text_align=\u00bbcenter\u00bb] Turismo [\/vc_column_text][\/vc_column][\/vc_row][vc_row full_width=\u00bbstretch_row\u00bb css=\u00bb.vc_custom_1640003414379{margin-top: 60px !important;padding-top: 40px !important;padding-bottom: 40px !important;background-color: #e8e8e8 !important;}\u00bb][vc_column width=\u00bb1\/12&#8243;][\/vc_column][vc_column width=\u00bb5\/12&#8243;][vc_column_text text_align=\u00bbcenter\u00bb color=\u00bb#000000&#8243; font_size=\u00bb16&#8243;&hellip;","og_url":"https:\/\/www.hotelcalpetit.es\/es\/turismo\/","og_site_name":"Cal Petit","article_modified_time":"2025-07-11T16:06:40+00:00","twitter_card":"summary_large_image","twitter_misc":{"Tiempo de lectura":"30 minutos"},"schema":{"@context":"https:\/\/schema.org","@graph":[{"@type":"WebSite","@id":"https:\/\/www.hotelcalpetit.es\/#website","url":"https:\/\/www.hotelcalpetit.es\/","name":"Cal Petit","description":"","potentialAction":[{"@type":"SearchAction","target":{"@type":"EntryPoint","urlTemplate":"https:\/\/www.hotelcalpetit.es\/?s={search_term_string}"},"query-input":"required name=search_term_string"}],"inLanguage":"es"},{"@type":"WebPage","@id":"https:\/\/www.hotelcalpetit.es\/es\/turismo\/#webpage","url":"https:\/\/www.hotelcalpetit.es\/es\/turismo\/","name":"Turismo - Cal Petit","isPartOf":{"@id":"https:\/\/www.hotelcalpetit.es\/#website"},"datePublished":"2021-09-16T07:29:16+00:00","dateModified":"2025-07-11T16:06:40+00:00","breadcrumb":{"@id":"https:\/\/www.hotelcalpetit.es\/es\/turismo\/#breadcrumb"},"inLanguage":"es","potentialAction":[{"@type":"ReadAction","target":["https:\/\/www.hotelcalpetit.es\/es\/turismo\/"]}]},{"@type":"BreadcrumbList","@id":"https:\/\/www.hotelcalpetit.es\/es\/turismo\/#breadcrumb","itemListElement":[{"@type":"ListItem","position":1,"name":"Inici","item":"https:\/\/www.hotelcalpetit.es\/es\/"},{"@type":"ListItem","position":2,"name":"Turismo"}]}]}},"_links":{"self":[{"href":"https:\/\/www.hotelcalpetit.es\/es\/wp-json\/wp\/v2\/pages\/956"}],"collection":[{"href":"https:\/\/www.hotelcalpetit.es\/es\/wp-json\/wp\/v2\/pages"}],"about":[{"href":"https:\/\/www.hotelcalpetit.es\/es\/wp-json\/wp\/v2\/types\/page"}],"author":[{"embeddable":true,"href":"https:\/\/www.hotelcalpetit.es\/es\/wp-json\/wp\/v2\/users\/1"}],"replies":[{"embeddable":true,"href":"https:\/\/www.hotelcalpetit.es\/es\/wp-json\/wp\/v2\/comments?post=956"}],"version-history":[{"count":4,"href":"https:\/\/www.hotelcalpetit.es\/es\/wp-json\/wp\/v2\/pages\/956\/revisions"}],"predecessor-version":[{"id":1695,"href":"https:\/\/www.hotelcalpetit.es\/es\/wp-json\/wp\/v2\/pages\/956\/revisions\/1695"}],"wp:attachment":[{"href":"https:\/\/www.hotelcalpetit.es\/es\/wp-json\/wp\/v2\/media?parent=956"}],"curies":[{"name":"wp","href":"https:\/\/api.w.org\/{rel}","templated":true}]}}